{"version":"1.0","provider_name":"L&#039;Ecrins Photo, le blog","provider_url":"http:\/\/www.ecrins-photo.fr\/blog","author_name":"Julien","author_url":"http:\/\/www.ecrins-photo.fr\/blog\/author\/julien\/","title":"F\u00eate maritime de Brest 2016, nocturne - L&#039;Ecrins Photo, le blog","type":"rich","width":600,"height":338,"html":"<iframe sandbox=\"allow-scripts\" security=\"restricted\" src=\"http:\/\/www.ecrins-photo.fr\/blog\/fete-maritime-de-brest-2016-nocturne\/embed\/\" width=\"600\" height=\"338\" title=\"\u00ab\u00a0F\u00eate maritime de Brest 2016, nocturne\u00a0\u00bb &#8212; L&#039;Ecrins Photo, le blog\" frameborder=\"0\" marginwidth=\"0\" marginheight=\"0\" scrolling=\"no\" class=\"wp-embedded-content\"><\/iframe>","description":"Les parades nocturnes rythment les f\u00eates \u00e0 la tomb\u00e9 de la nuit, sous les lumi\u00e8res des spots et des r\u00e9verb\u00e8res, les voiliers s'\u00e9clairent d'un nouveau jour.","thumbnail_url":"http:\/\/www.ecrins-photo.fr\/blog\/wp-content\/uploads\/2016\/07\/port-brest2016-ecrins-photo-200x200.jpg"}